{"id":11,"date":"2025-03-24T18:09:38","date_gmt":"2025-03-24T23:09:38","guid":{"rendered":"https:\/\/www.laprensaoriente.info\/especiales\/arrieria-en-el-oriente-de-antioquia\/?page_id=11"},"modified":"2025-06-10T11:06:54","modified_gmt":"2025-06-10T16:06:54","slug":"inicio","status":"publish","type":"page","link":"https:\/\/www.laprensaoriente.info\/especiales\/arrieria-en-el-oriente-de-antioquia\/","title":{"rendered":"Inicio"},"content":{"rendered":"\t\t<div data-elementor-type=\"wp-page\" data-elementor-id=\"11\" class=\"elementor elementor-11\" data-elementor-post-type=\"page\">\n\t\t\t\t<div class=\"elementor-element elementor-element-399731f e-flex e-con-boxed e-con e-parent\" data-id=\"399731f\" data-element_type=\"container\">\n\t\t\t\t\t<div class=\"e-con-inner\">\n\t\t\t\t<div class=\"elementor-element elementor-element-31b9206 elementor-widget elementor-widget-image\" data-id=\"31b9206\" data-element_type=\"widget\" data-widget_type=\"image.default\">\n\t\t\t\t<div class=\"elementor-widget-container\">\n\t\t\t\t\t\t\t\t\t\t\t\t\t\t\t<img loading=\"lazy\" loading=\"lazy\" decoding=\"async\" width=\"800\" height=\"200\" src=\"https:\/\/www.laprensaoriente.info\/especiales\/arrieria-en-el-oriente-de-antioquia\/wp-content\/uploads\/2025\/06\/BANNER-800x200-1.jpg\" class=\"attachment-large size-large wp-image-199\" alt=\"\" srcset=\"https:\/\/www.laprensaoriente.info\/especiales\/arrieria-en-el-oriente-de-antioquia\/wp-content\/uploads\/2025\/06\/BANNER-800x200-1.jpg 800w, https:\/\/www.laprensaoriente.info\/especiales\/arrieria-en-el-oriente-de-antioquia\/wp-content\/uploads\/2025\/06\/BANNER-800x200-1-300x75.jpg 300w, https:\/\/www.laprensaoriente.info\/especiales\/arrieria-en-el-oriente-de-antioquia\/wp-content\/uploads\/2025\/06\/BANNER-800x200-1-768x192.jpg 768w\" sizes=\"auto, (max-width: 800px) 100vw, 800px\" \/>\t\t\t\t\t\t\t\t\t\t\t\t\t\t\t<\/div>\n\t\t\t\t<\/div>\n\t\t\t\t\t<\/div>\n\t\t\t\t<\/div>\n\t\t\t\t<section class=\"elementor-section elementor-top-section elementor-element elementor-element-58d083a elementor-section-boxed elementor-section-height-default elementor-section-height-default\" data-id=\"58d083a\" data-element_type=\"section\" data-settings=\"{&quot;background_background&quot;:&quot;classic&quot;}\">\n\t\t\t\t\t\t\t<div class=\"elementor-background-overlay\"><\/div>\n\t\t\t\t\t\t\t<div class=\"elementor-container elementor-column-gap-default\">\n\t\t\t\t\t<div class=\"elementor-column elementor-col-33 elementor-top-column elementor-element elementor-element-a3bd8c7\" data-id=\"a3bd8c7\" data-element_type=\"column\">\n\t\t\t<div class=\"elementor-widget-wrap elementor-element-populated\">\n\t\t\t\t\t\t<div class=\"elementor-element elementor-element-ddb2c24 elementor-widget elementor-widget-heading\" data-id=\"ddb2c24\" data-element_type=\"widget\" data-widget_type=\"heading.default\">\n\t\t\t\t<div class=\"elementor-widget-container\">\n\t\t\t\t\t<h2 class=\"elementor-heading-title elementor-size-default\">Especiales:<\/h2>\t\t\t\t<\/div>\n\t\t\t\t<\/div>\n\t\t\t\t<div class=\"elementor-element elementor-element-a788c3b elementor-widget elementor-widget-menu-anchor\" data-id=\"a788c3b\" data-element_type=\"widget\" data-widget_type=\"menu-anchor.default\">\n\t\t\t\t<div class=\"elementor-widget-container\">\n\t\t\t\t\t\t\t<div class=\"elementor-menu-anchor\" id=\"arrieria\"><\/div>\n\t\t\t\t\t\t<\/div>\n\t\t\t\t<\/div>\n\t\t\t\t<div class=\"elementor-element elementor-element-31cc549 elementor-widget elementor-widget-heading\" data-id=\"31cc549\" data-element_type=\"widget\" data-widget_type=\"heading.default\">\n\t\t\t\t<div class=\"elementor-widget-container\">\n\t\t\t\t\t<h2 class=\"elementor-heading-title elementor-size-default\">Arrier\u00eda en el Oriente de Antioquia<\/h2>\t\t\t\t<\/div>\n\t\t\t\t<\/div>\n\t\t\t\t<div class=\"elementor-element elementor-element-f70bcec elementor-widget elementor-widget-text-editor\" data-id=\"f70bcec\" data-element_type=\"widget\" data-widget_type=\"text-editor.default\">\n\t\t\t\t<div class=\"elementor-widget-container\">\n\t\t\t\t\t\t\t\t\t<p><span style=\"font-size: 14pt;\">Con este par de relatos, <strong><em>La Prensa Oriente<\/em><\/strong> abre una ventana a la arrier\u00eda en el Oriente de Antioquia, un oficio tradicional que molde\u00f3 el desarrollo del departamento. El primero hace un recuento del origen, historia y costumbres de este oficio, a la vez que retrata un viaje en mula durante el siglo XIX; el segundo, perfila uno de los \u00faltimos arrieros que a\u00fan sigue recorriendo las trochas de nuestra Subregi\u00f3n.<\/span><\/p><p><span style=\"font-size: 14pt;\"><strong>Felipe Osorio Vergara<\/strong><\/span><br \/><span style=\"font-size: 14pt;\"><strong>Emmanuel Zapata Bedoya<\/strong><\/span><\/p>\t\t\t\t\t\t\t\t<\/div>\n\t\t\t\t<\/div>\n\t\t\t\t\t<\/div>\n\t\t<\/div>\n\t\t\t\t<div class=\"elementor-column elementor-col-66 elementor-top-column elementor-element elementor-element-8c38389\" data-id=\"8c38389\" data-element_type=\"column\">\n\t\t\t<div class=\"elementor-widget-wrap elementor-element-populated\">\n\t\t\t\t\t\t<div class=\"elementor-element elementor-element-1e8b24c elementor-widget elementor-widget-image\" data-id=\"1e8b24c\" data-element_type=\"widget\" data-widget_type=\"image.default\">\n\t\t\t\t<div class=\"elementor-widget-container\">\n\t\t\t\t\t\t\t\t\t\t\t\t\t\t\t<img loading=\"lazy\" loading=\"lazy\" decoding=\"async\" width=\"768\" height=\"1024\" src=\"https:\/\/www.laprensaoriente.info\/especiales\/arrieria-en-el-oriente-de-antioquia\/wp-content\/uploads\/2025\/03\/Foto_2-768x1024.jpg\" class=\"attachment-large size-large wp-image-15\" alt=\"\" srcset=\"https:\/\/www.laprensaoriente.info\/especiales\/arrieria-en-el-oriente-de-antioquia\/wp-content\/uploads\/2025\/03\/Foto_2-768x1024.jpg 768w, https:\/\/www.laprensaoriente.info\/especiales\/arrieria-en-el-oriente-de-antioquia\/wp-content\/uploads\/2025\/03\/Foto_2-225x300.jpg 225w, https:\/\/www.laprensaoriente.info\/especiales\/arrieria-en-el-oriente-de-antioquia\/wp-content\/uploads\/2025\/03\/Foto_2.jpg 1080w\" sizes=\"auto, (max-width: 768px) 100vw, 768px\" \/>\t\t\t\t\t\t\t\t\t\t\t\t\t\t\t<\/div>\n\t\t\t\t<\/div>\n\t\t\t\t\t<\/div>\n\t\t<\/div>\n\t\t\t\t\t<\/div>\n\t\t<\/section>\n\t\t<div class=\"elementor-element elementor-element-407bb32 e-flex e-con-boxed e-con e-parent\" data-id=\"407bb32\" data-element_type=\"container\">\n\t\t\t\t\t<div class=\"e-con-inner\">\n\t\t\t\t\t<\/div>\n\t\t\t\t<\/div>\n\t\t\t\t<\/div>\n\t\t","protected":false},"excerpt":{"rendered":"<p>Especiales: Arrier\u00eda en el Oriente de Antioquia Con este par de relatos, La Prensa Oriente abre una ventana a la arrier\u00eda en el Oriente de Antioquia, un oficio tradicional que molde\u00f3 el desarrollo del departamento. El primero hace un recuento del origen, historia y costumbres de este oficio, a la vez que retrata un viaje [&hellip;]<\/p>\n","protected":false},"author":1,"featured_media":0,"parent":0,"menu_order":0,"comment_status":"closed","ping_status":"closed","template":"","meta":{"footnotes":""},"class_list":["post-11","page","type-page","status-publish"],"_links":{"self":[{"href":"https:\/\/www.laprensaoriente.info\/especiales\/arrieria-en-el-oriente-de-antioquia\/wp-json\/wp\/v2\/pages\/11","targetHints":{"allow":["GET"]}}],"collection":[{"href":"https:\/\/www.laprensaoriente.info\/especiales\/arrieria-en-el-oriente-de-antioquia\/wp-json\/wp\/v2\/pages"}],"about":[{"href":"https:\/\/www.laprensaoriente.info\/especiales\/arrieria-en-el-oriente-de-antioquia\/wp-json\/wp\/v2\/types\/page"}],"author":[{"embeddable":true,"href":"https:\/\/www.laprensaoriente.info\/especiales\/arrieria-en-el-oriente-de-antioquia\/wp-json\/wp\/v2\/users\/1"}],"replies":[{"embeddable":true,"href":"https:\/\/www.laprensaoriente.info\/especiales\/arrieria-en-el-oriente-de-antioquia\/wp-json\/wp\/v2\/comments?post=11"}],"version-history":[{"count":22,"href":"https:\/\/www.laprensaoriente.info\/especiales\/arrieria-en-el-oriente-de-antioquia\/wp-json\/wp\/v2\/pages\/11\/revisions"}],"predecessor-version":[{"id":219,"href":"https:\/\/www.laprensaoriente.info\/especiales\/arrieria-en-el-oriente-de-antioquia\/wp-json\/wp\/v2\/pages\/11\/revisions\/219"}],"wp:attachment":[{"href":"https:\/\/www.laprensaoriente.info\/especiales\/arrieria-en-el-oriente-de-antioquia\/wp-json\/wp\/v2\/media?parent=11"}],"curies":[{"name":"wp","href":"https:\/\/api.w.org\/{rel}","templated":true}]}}