{"id":30,"date":"2025-03-24T18:36:10","date_gmt":"2025-03-24T23:36:10","guid":{"rendered":"https:\/\/www.laprensaoriente.info\/especiales\/arrieria-en-el-oriente-de-antioquia\/?page_id=30"},"modified":"2025-06-10T11:07:04","modified_gmt":"2025-06-10T16:07:04","slug":"de-trochas-y-herraduras-y-zurriagos-radiografia-de-la-arrieria-en-antioquia","status":"publish","type":"page","link":"https:\/\/www.laprensaoriente.info\/especiales\/arrieria-en-el-oriente-de-antioquia\/de-trochas-y-herraduras-y-zurriagos-radiografia-de-la-arrieria-en-antioquia\/","title":{"rendered":"De trochas y herraduras y zurriagos: Radiograf\u00eda de la arrier\u00eda en Antioquia"},"content":{"rendered":"\t\t<div data-elementor-type=\"wp-page\" data-elementor-id=\"30\" class=\"elementor elementor-30\" data-elementor-post-type=\"page\">\n\t\t\t\t<div class=\"elementor-element elementor-element-d17a1b4 e-flex e-con-boxed e-con e-parent\" data-id=\"d17a1b4\" data-element_type=\"container\">\n\t\t\t\t\t<div class=\"e-con-inner\">\n\t\t\t\t<div class=\"elementor-element elementor-element-81f4112 elementor-widget elementor-widget-image\" data-id=\"81f4112\" data-element_type=\"widget\" data-widget_type=\"image.default\">\n\t\t\t\t<div class=\"elementor-widget-container\">\n\t\t\t\t\t\t\t\t\t\t\t\t\t\t\t<img loading=\"lazy\" loading=\"lazy\" decoding=\"async\" width=\"800\" height=\"200\" src=\"https:\/\/www.laprensaoriente.info\/especiales\/arrieria-en-el-oriente-de-antioquia\/wp-content\/uploads\/2025\/06\/BANNER-800x200-1.jpg\" class=\"attachment-large size-large wp-image-199\" alt=\"\" srcset=\"https:\/\/www.laprensaoriente.info\/especiales\/arrieria-en-el-oriente-de-antioquia\/wp-content\/uploads\/2025\/06\/BANNER-800x200-1.jpg 800w, https:\/\/www.laprensaoriente.info\/especiales\/arrieria-en-el-oriente-de-antioquia\/wp-content\/uploads\/2025\/06\/BANNER-800x200-1-300x75.jpg 300w, https:\/\/www.laprensaoriente.info\/especiales\/arrieria-en-el-oriente-de-antioquia\/wp-content\/uploads\/2025\/06\/BANNER-800x200-1-768x192.jpg 768w\" sizes=\"auto, (max-width: 800px) 100vw, 800px\" \/>\t\t\t\t\t\t\t\t\t\t\t\t\t\t\t<\/div>\n\t\t\t\t<\/div>\n\t\t\t\t\t<\/div>\n\t\t\t\t<\/div>\n\t\t\t\t<section class=\"elementor-section elementor-top-section elementor-element elementor-element-9aef296 elementor-section-boxed elementor-section-height-default elementor-section-height-default\" data-id=\"9aef296\" data-element_type=\"section\" data-settings=\"{&quot;background_background&quot;:&quot;classic&quot;}\">\n\t\t\t\t\t\t\t<div class=\"elementor-background-overlay\"><\/div>\n\t\t\t\t\t\t\t<div class=\"elementor-container elementor-column-gap-default\">\n\t\t\t\t\t<div class=\"elementor-column elementor-col-50 elementor-top-column elementor-element elementor-element-bb53036\" data-id=\"bb53036\" data-element_type=\"column\">\n\t\t\t<div class=\"elementor-widget-wrap elementor-element-populated\">\n\t\t\t\t\t\t<div class=\"elementor-element elementor-element-6f7c749 elementor-widget elementor-widget-menu-anchor\" data-id=\"6f7c749\" data-element_type=\"widget\" data-widget_type=\"menu-anchor.default\">\n\t\t\t\t<div class=\"elementor-widget-container\">\n\t\t\t\t\t\t\t<div class=\"elementor-menu-anchor\" id=\"detrochas\"><\/div>\n\t\t\t\t\t\t<\/div>\n\t\t\t\t<\/div>\n\t\t\t\t<div class=\"elementor-element elementor-element-7869e75 elementor-widget elementor-widget-heading\" data-id=\"7869e75\" data-element_type=\"widget\" data-widget_type=\"heading.default\">\n\t\t\t\t<div class=\"elementor-widget-container\">\n\t\t\t\t\t<h2 class=\"elementor-heading-title elementor-size-default\">De trochas, herraduras y zurriagos: radiograf\u00eda de la arrier\u00eda en Antioquia<\/h2>\t\t\t\t<\/div>\n\t\t\t\t<\/div>\n\t\t\t\t\t<\/div>\n\t\t<\/div>\n\t\t\t\t<div class=\"elementor-column elementor-col-50 elementor-top-column elementor-element elementor-element-10f9440\" data-id=\"10f9440\" data-element_type=\"column\">\n\t\t\t<div class=\"elementor-widget-wrap elementor-element-populated\">\n\t\t\t\t\t\t<div class=\"elementor-element elementor-element-bf619fa elementor-widget elementor-widget-text-editor\" data-id=\"bf619fa\" data-element_type=\"widget\" data-widget_type=\"text-editor.default\">\n\t\t\t\t<div class=\"elementor-widget-container\">\n\t\t\t\t\t\t\t\t\t<p><span style=\"font-size: 14pt;\"><em>Sentado sobre una enjalma \/ Que est\u00e1 doblada en el suelo, \/ Aguarda con impaciencia \/ Su desayuno el arriero. \/ Juana, su mujer, le trae \/ Chocolate en coco negro, \/ Con una arepa redonda \/ y una tajada de queso. \/ Muerde, masca, sorbe, traga \/ y sopla y sigue sorbiendo, \/ y con el \u00faltimo sorbo \/ Le dice a Juana: \u201cHasta luego\u201d.<\/em><\/span><\/p><p><span style=\"font-size: 14pt;\">Epifanio Mej\u00eda, poeta antioque\u00f1o, en <em>El arriero de Antioquia<\/em>.<\/span><\/p><p>\u00a0<\/p>\t\t\t\t\t\t\t\t<\/div>\n\t\t\t\t<\/div>\n\t\t\t\t\t<\/div>\n\t\t<\/div>\n\t\t\t\t\t<\/div>\n\t\t<\/section>\n\t\t\t\t<section class=\"elementor-section elementor-top-section elementor-element elementor-element-3471d8e elementor-section-boxed elementor-section-height-default elementor-section-height-default\" data-id=\"3471d8e\" data-element_type=\"section\">\n\t\t\t\t\t\t<div class=\"elementor-container elementor-column-gap-default\">\n\t\t\t\t\t<div class=\"elementor-column elementor-col-100 elementor-top-column elementor-element elementor-element-6493143\" data-id=\"6493143\" data-element_type=\"column\">\n\t\t\t<div class=\"elementor-widget-wrap elementor-element-populated\">\n\t\t\t\t\t\t<div class=\"elementor-element elementor-element-322ae2c elementor-widget elementor-widget-text-editor\" data-id=\"322ae2c\" data-element_type=\"widget\" data-widget_type=\"text-editor.default\">\n\t\t\t\t<div class=\"elementor-widget-container\">\n\t\t\t\t\t\t\t\t\t<p>Tras seis d\u00edas navegando a contracorriente el r\u00edo grande de la Magdalena, el barco a vapor La Isabel alcanz\u00f3 Puerto Nare, donde se detuvo brevemente para desviarse por el r\u00edo Nare hasta Puerto Islitas. Hasta all\u00ed llegaba el barco; de ah\u00ed en adelante la ruta hacia Medell\u00edn deb\u00eda hacerse a lomo de mula. Federico von Schenck \u2014ge\u00f3grafo, economista y escritor alem\u00e1n\u2014 viajaba en La Isabel. Hab\u00eda embarcado en el puerto de Barranquilla el 29 de junio de 1880 para recorrer Colombia, motivado por un inter\u00e9s cient\u00edfico y de aventura.<\/p><p>En Islitas, von Schenck emprendi\u00f3 el camino de siete d\u00edas hasta la capital de Antioquia. La ruta sal\u00eda de Islitas, segu\u00eda a Canoas (hoy corregimiento El Jord\u00e1n, de San Carlos), Guatap\u00e9, El Pe\u00f1ol, Marinilla, Rionegro y finalmente se bajaba por Santa Elena hasta Medell\u00edn. Para el alem\u00e1n, el tr\u00e1nsito por esa ruta fue \u201csencillamente espantoso\u201d. \u201cEl transporte principal lo realizan en mulas cuyos due\u00f1os viven generalmente en Rionegro, El Retiro y Envigado. En el tiempo de mi viaje tambi\u00e9n se utilizaban bueyes de carga, ya que el n\u00famero de mulas estaba muy disminuido debido a una epidemia\u201d, narr\u00f3 en sus <a href=\"https:\/\/bibliotecadigital.udea.edu.co\/bitstream\/10495\/172\/1\/ViajesAntioquia1880.pdf\"><em>Viajes por Antioquia en el a\u00f1o de 1880<\/em><\/a>. Adem\u00e1s, a los arrieros que recorr\u00edan el camino, hab\u00eda que sumar caravanas de cargueros y silleteros, la mayor\u00eda ind\u00edgenas de Guatap\u00e9. \u201cEl ind\u00edgena de los caser\u00edos de Guatap\u00e9 encuentra su \u00fanica fuente de entrada en el trabajo como pe\u00f3n de tercio para transportar la carga desde Islitas hasta Rionegro, ya que muchas veces la carga por su tama\u00f1o y peso no sirve para ser transportada por mulas\u201d, agreg\u00f3.<\/p><p>El Camino de Nare fue durante los siglos XVIII y XIX la principal v\u00eda de acceso entre el interior de Antioquia y el mundo exterior, pues por all\u00ed se conectaba con el r\u00edo Magdalena y, a su vez, con los puertos de Cartagena, Santa Marta y, tiempo despu\u00e9s, Barranquilla. Por esa v\u00eda entraban las mercanc\u00edas importadas y sal\u00edan los productos antioque\u00f1os al extranjero. Sin embargo, era una ruta tortuosa, con pendientes y desfiladeros que eran descritos como \u201ctrochas de cabras\u201d, y con r\u00edos de por medio \u2014como el Saman\u00e1\u2014 que hab\u00eda que cruzar en improvisados puentes de guaduas y no faltaban las veces que tocaba hacerlo a nado. \u201cMuchos cad\u00e1veres de animales de carga ca\u00eddos infestaban la atm\u00f3sfera, especialmente durante los dos primeros d\u00edas, mientras and\u00e1bamos a trav\u00e9s de las monta\u00f1as con densos bosques\u201d, relat\u00f3 el alem\u00e1n, recordando los latentes riesgos del camino. Finalmente, tras penoso recorrido, el 12 de julio de 1880 Federico von Schenck entr\u00f3 a Medell\u00edn.<\/p><p>Los diarios de von Schenck, como los de otros tantos europeos que recorrieron la Antioquia del siglo XIX, son un portal a estos caminos escarpados y a las mil y una dificultades que los arrieros deb\u00edan superar para entregar sus mercanc\u00edas, llevar la correspondencia, las noticias y hasta los avances tecnol\u00f3gicos de entonces. Por eso, en palabras del docente e investigador hist\u00f3rico de Abejorral, Fernando Le\u00f3n Gonz\u00e1lez, \u201clo que es Antioquia hoy y, m\u00e1s espec\u00edficamente el Oriente, es la consecuencia l\u00f3gica de la gesta de la arrier\u00eda\u201d.<\/p>\t\t\t\t\t\t\t\t<\/div>\n\t\t\t\t<\/div>\n\t\t\t\t\t<\/div>\n\t\t<\/div>\n\t\t\t\t\t<\/div>\n\t\t<\/section>\n\t\t<div class=\"elementor-element elementor-element-8092c48 e-flex e-con-boxed e-con e-parent\" data-id=\"8092c48\" data-element_type=\"container\">\n\t\t\t\t\t<div class=\"e-con-inner\">\n\t\t\t\t\t<\/div>\n\t\t\t\t<\/div>\n\t\t\t\t<\/div>\n\t\t","protected":false},"excerpt":{"rendered":"<p>De trochas, herraduras y zurriagos: radiograf\u00eda de la arrier\u00eda en Antioquia Sentado sobre una enjalma \/ Que est\u00e1 doblada en el suelo, \/ Aguarda con impaciencia \/ Su desayuno el arriero. \/ Juana, su mujer, le trae \/ Chocolate en coco negro, \/ Con una arepa redonda \/ y una tajada de queso. \/ Muerde, [&hellip;]<\/p>\n","protected":false},"author":1,"featured_media":0,"parent":0,"menu_order":1,"comment_status":"closed","ping_status":"closed","template":"","meta":{"footnotes":""},"class_list":["post-30","page","type-page","status-publish"],"_links":{"self":[{"href":"https:\/\/www.laprensaoriente.info\/especiales\/arrieria-en-el-oriente-de-antioquia\/wp-json\/wp\/v2\/pages\/30","targetHints":{"allow":["GET"]}}],"collection":[{"href":"https:\/\/www.laprensaoriente.info\/especiales\/arrieria-en-el-oriente-de-antioquia\/wp-json\/wp\/v2\/pages"}],"about":[{"href":"https:\/\/www.laprensaoriente.info\/especiales\/arrieria-en-el-oriente-de-antioquia\/wp-json\/wp\/v2\/types\/page"}],"author":[{"embeddable":true,"href":"https:\/\/www.laprensaoriente.info\/especiales\/arrieria-en-el-oriente-de-antioquia\/wp-json\/wp\/v2\/users\/1"}],"replies":[{"embeddable":true,"href":"https:\/\/www.laprensaoriente.info\/especiales\/arrieria-en-el-oriente-de-antioquia\/wp-json\/wp\/v2\/comments?post=30"}],"version-history":[{"count":16,"href":"https:\/\/www.laprensaoriente.info\/especiales\/arrieria-en-el-oriente-de-antioquia\/wp-json\/wp\/v2\/pages\/30\/revisions"}],"predecessor-version":[{"id":222,"href":"https:\/\/www.laprensaoriente.info\/especiales\/arrieria-en-el-oriente-de-antioquia\/wp-json\/wp\/v2\/pages\/30\/revisions\/222"}],"wp:attachment":[{"href":"https:\/\/www.laprensaoriente.info\/especiales\/arrieria-en-el-oriente-de-antioquia\/wp-json\/wp\/v2\/media?parent=30"}],"curies":[{"name":"wp","href":"https:\/\/api.w.org\/{rel}","templated":true}]}}