{"id":83,"date":"2025-03-24T20:51:54","date_gmt":"2025-03-25T01:51:54","guid":{"rendered":"https:\/\/www.laprensaoriente.info\/especiales\/arrieria-en-el-oriente-de-antioquia\/?page_id=83"},"modified":"2025-06-10T11:08:03","modified_gmt":"2025-06-10T16:08:03","slug":"de-los-ultimos-arrieros-del-oriente","status":"publish","type":"page","link":"https:\/\/www.laprensaoriente.info\/especiales\/arrieria-en-el-oriente-de-antioquia\/de-los-ultimos-arrieros-del-oriente\/","title":{"rendered":"De los \u00faltimos arrieros del Oriente"},"content":{"rendered":"\t\t<div data-elementor-type=\"wp-page\" data-elementor-id=\"83\" class=\"elementor elementor-83\" data-elementor-post-type=\"page\">\n\t\t\t\t\t\t<section class=\"elementor-section elementor-top-section elementor-element elementor-element-7a84d8c elementor-section-boxed elementor-section-height-default elementor-section-height-default\" data-id=\"7a84d8c\" data-element_type=\"section\" data-settings=\"{&quot;background_background&quot;:&quot;classic&quot;}\">\n\t\t\t\t\t\t\t<div class=\"elementor-background-overlay\"><\/div>\n\t\t\t\t\t\t\t<div class=\"elementor-container elementor-column-gap-default\">\n\t\t\t\t\t<div class=\"elementor-column elementor-col-50 elementor-top-column elementor-element elementor-element-9e888b2\" data-id=\"9e888b2\" data-element_type=\"column\">\n\t\t\t<div class=\"elementor-widget-wrap elementor-element-populated\">\n\t\t\t\t\t\t<div class=\"elementor-element elementor-element-ec74aa1 elementor-widget elementor-widget-heading\" data-id=\"ec74aa1\" data-element_type=\"widget\" data-widget_type=\"heading.default\">\n\t\t\t\t<div class=\"elementor-widget-container\">\n\t\t\t\t\t<h2 class=\"elementor-heading-title elementor-size-default\">De los \u00faltimos arrieros del Oriente<\/h2>\t\t\t\t<\/div>\n\t\t\t\t<\/div>\n\t\t\t\t\t<\/div>\n\t\t<\/div>\n\t\t\t\t<div class=\"elementor-column elementor-col-50 elementor-top-column elementor-element elementor-element-62e56a2\" data-id=\"62e56a2\" data-element_type=\"column\">\n\t\t\t<div class=\"elementor-widget-wrap elementor-element-populated\">\n\t\t\t\t\t\t<div class=\"elementor-element elementor-element-4a5f4b8 elementor-widget elementor-widget-text-editor\" data-id=\"4a5f4b8\" data-element_type=\"widget\" data-widget_type=\"text-editor.default\">\n\t\t\t\t<div class=\"elementor-widget-container\">\n\t\t\t\t\t\t\t\t\t<p><em>T\u00fa que encendiste el sol encima de mis mulas<\/em><\/p><p><em>y me diste un carriel y unas cotizas y un r\u00fastico &#8220;yesquero\u201d<\/em><\/p><p><em>y un arriador trenzado de paisajes<\/em><\/p><p><em>y un pan honrado y un amor sincero.<\/em><\/p><p>Jorge Robledo Ortiz, poeta antioque\u00f1o, en <em>La oraci\u00f3n del arriero<\/em>.<\/p>\t\t\t\t\t\t\t\t<\/div>\n\t\t\t\t<\/div>\n\t\t\t\t\t<\/div>\n\t\t<\/div>\n\t\t\t\t\t<\/div>\n\t\t<\/section>\n\t\t<div class=\"elementor-element elementor-element-5648687 e-flex e-con-boxed e-con e-parent\" data-id=\"5648687\" data-element_type=\"container\">\n\t\t\t\t\t<div class=\"e-con-inner\">\n\t\t\t\t<div class=\"elementor-element elementor-element-567c909 elementor-widget elementor-widget-image\" data-id=\"567c909\" data-element_type=\"widget\" data-widget_type=\"image.default\">\n\t\t\t\t<div class=\"elementor-widget-container\">\n\t\t\t\t\t\t\t\t\t\t\t\t\t\t\t<img loading=\"lazy\" loading=\"lazy\" decoding=\"async\" width=\"800\" height=\"200\" src=\"https:\/\/www.laprensaoriente.info\/especiales\/arrieria-en-el-oriente-de-antioquia\/wp-content\/uploads\/2025\/06\/BANNER-800x200-1.jpg\" class=\"attachment-large size-large wp-image-199\" alt=\"\" srcset=\"https:\/\/www.laprensaoriente.info\/especiales\/arrieria-en-el-oriente-de-antioquia\/wp-content\/uploads\/2025\/06\/BANNER-800x200-1.jpg 800w, https:\/\/www.laprensaoriente.info\/especiales\/arrieria-en-el-oriente-de-antioquia\/wp-content\/uploads\/2025\/06\/BANNER-800x200-1-300x75.jpg 300w, https:\/\/www.laprensaoriente.info\/especiales\/arrieria-en-el-oriente-de-antioquia\/wp-content\/uploads\/2025\/06\/BANNER-800x200-1-768x192.jpg 768w\" sizes=\"auto, (max-width: 800px) 100vw, 800px\" \/>\t\t\t\t\t\t\t\t\t\t\t\t\t\t\t<\/div>\n\t\t\t\t<\/div>\n\t\t\t\t\t<\/div>\n\t\t\t\t<\/div>\n\t\t\t\t<section class=\"elementor-section elementor-top-section elementor-element elementor-element-a5fe613 elementor-section-boxed elementor-section-height-default elementor-section-height-default\" data-id=\"a5fe613\" data-element_type=\"section\">\n\t\t\t\t\t\t<div class=\"elementor-container elementor-column-gap-default\">\n\t\t\t\t\t<div class=\"elementor-column elementor-col-50 elementor-top-column elementor-element elementor-element-c88d720\" data-id=\"c88d720\" data-element_type=\"column\">\n\t\t\t<div class=\"elementor-widget-wrap elementor-element-populated\">\n\t\t\t\t\t\t<div class=\"elementor-element elementor-element-468ae05 elementor-drop-cap-yes elementor-drop-cap-view-default elementor-widget elementor-widget-text-editor\" data-id=\"468ae05\" data-element_type=\"widget\" data-settings=\"{&quot;drop_cap&quot;:&quot;yes&quot;}\" data-widget_type=\"text-editor.default\">\n\t\t\t\t<div class=\"elementor-widget-container\">\n\t\t\t\t\t\t\t\t\t<p>A veces reza para que no llueva. Para que sus animales no sufran. Pide compasi\u00f3n: por ellas y por \u00e9l. Despu\u00e9s de haber cruzado la misma monta\u00f1a en m\u00e1s de tres o cuatro ocasiones, de ir y venir y de volver, regresa a su casa. Muchas veces lo hace solo. Otras con su hijo o muy de vez en cuando con su sobrino. Saluda a su esposa. Se toma una tazada de aguapanela y agradece. Le agradece a ella por el trago y a su Dios porque pudo, por fin, terminar su d\u00eda.<\/p><p>\u00c9l reza una que otra vez para que sus mulas no sufran en invierno y para que en verano no caigan tendidas de sed. \u201cSi ellas sufren, yo tambi\u00e9n sufro\u201d, explica Alexander Henao Guti\u00e9rrez, uno de los pocos arrieros que pueden verse y que quedan en Abejorral, municipio del Oriente antioque\u00f1o.<\/p><p>Ya no hay tantas carreteras ni monta\u00f1as por abrir, pero si algunos caminos que a\u00fan se pueden y se deben surcar a lomo de mula o caminando. Son muy pocos, s\u00ed, pero de eso vive Alexander. \u00c9l no es de Abejorral y mucho menos ha sido arriero por tradici\u00f3n, simplemente determinados momentos de su vida lo llevaron a ese pueblo mayoritariamente campesino.<\/p><p>\u201cSoy de Nari\u00f1o, otro pueblo tambi\u00e9n del Oriente. M\u00e1s debajo de Sons\u00f3n. All\u00e1 trabajaba la madera. Yo s\u00e9 trabajar madera, pero la cosa se puso dif\u00edcil, porque empezaron a cuidar m\u00e1s los \u00e1rboles nativos y se acab\u00f3 el trabajo, pero yo a\u00fan s\u00e9 trabajar la madera\u201d, cuenta.<\/p>\t\t\t\t\t\t\t\t<\/div>\n\t\t\t\t<\/div>\n\t\t\t\t<div class=\"elementor-element elementor-element-00f0d51 elementor-widget elementor-widget-heading\" data-id=\"00f0d51\" data-element_type=\"widget\" data-widget_type=\"heading.default\">\n\t\t\t\t<div class=\"elementor-widget-container\">\n\t\t\t\t\t<h2 class=\"elementor-heading-title elementor-size-default\">T\u00fa que cuidas mis hijos y mis viejos<\/br><\/br>  y mi ranchito lleno de goces franciscanos,<\/br><\/br> \u00a0T\u00fa que me diste un tiple que canta como el agua labrant\u00eda<\/br><\/br>  que baja de lavarle a Dios las manos.<\/br><\/br> <\/h2>\t\t\t\t<\/div>\n\t\t\t\t<\/div>\n\t\t\t\t<div class=\"elementor-element elementor-element-166794a elementor-widget elementor-widget-text-editor\" data-id=\"166794a\" data-element_type=\"widget\" data-widget_type=\"text-editor.default\">\n\t\t\t\t<div class=\"elementor-widget-container\">\n\t\t\t\t\t\t\t\t\t<p>Hace un poco m\u00e1s de diez a\u00f1os lleg\u00f3 a Abejorral. Ten\u00eda cuarenta cuando pis\u00f3 por primera vez esa tierra. Al no encontrar muchas opciones para sostener a su esposa y sus cinco hijos, lo primero que hizo, con algunos ahorros que ten\u00eda, fue comprar un par de mulas. Y as\u00ed empez\u00f3. Sab\u00eda hacer nudos, apretar la carga y nivelar el peso. No sab\u00eda herrar y aprendi\u00f3. \u00c9l sent\u00eda por ellas y nunca les mont\u00f3 al lomo m\u00e1s de lo que pudieran llevar.<\/p><p>Y as\u00ed empez\u00f3. Ahora tiene diez de ellas: La Pava, Tijera, Palomo. No todas tienen nombre y ni \u00e9l sabe por qu\u00e9 no las bautiz\u00f3. \u201cBobo que es uno\u201d, dice en medio de la risa. Y aunque reza seguido por sus mulas, no ha sido suficiente para evitar las tragedias, el dolor y la pena.<\/p><p>\u201cHace unos meses se me muri\u00f3 una mulita. Ten\u00eda once. Ya tengo diez: cuatro machos y seis hembras. \u00cdbamos por un camino muy bravo y ellas llevaban material de construcci\u00f3n encima. Uno de los animalitos se estaba quedando sin fuerza y sin querer empuj\u00f3 a la que iba adelante y la desestabiliz\u00f3. Eso hizo que se fuera por el barranco\u201d, narra.<\/p>\t\t\t\t\t\t\t\t<\/div>\n\t\t\t\t<\/div>\n\t\t\t\t\t<\/div>\n\t\t<\/div>\n\t\t\t\t<div class=\"elementor-column elementor-col-50 elementor-top-column elementor-element elementor-element-1fff861\" data-id=\"1fff861\" data-element_type=\"column\">\n\t\t\t<div class=\"elementor-widget-wrap elementor-element-populated\">\n\t\t\t\t\t\t<div class=\"elementor-element elementor-element-6ce6f6c elementor-widget elementor-widget-text-editor\" data-id=\"6ce6f6c\" data-element_type=\"widget\" data-widget_type=\"text-editor.default\">\n\t\t\t\t<div class=\"elementor-widget-container\">\n\t\t\t\t\t\t\t\t\t<p>Alexander, con su voz bajita y piadosa, dice que la mula no quiso empujar a la otra porque las mulas nunca buscan hacerle da\u00f1o a nadie. Las hay resabiadas, m\u00e1s \u201cmansitas\u201d y otras que \u201cDios me lleve, Dios me traiga\u201d, pero ninguna busca lastimar. Al contrario, llegan a donde pocos lo hacen y \u201ctienen m\u00e1s juicio que un cristiano\u201d, como dicen algunos por ah\u00ed.<\/p>\t\t\t\t\t\t\t\t<\/div>\n\t\t\t\t<\/div>\n\t\t\t\t<div class=\"elementor-element elementor-element-672ba82 elementor-widget elementor-widget-heading\" data-id=\"672ba82\" data-element_type=\"widget\" data-widget_type=\"heading.default\">\n\t\t\t\t<div class=\"elementor-widget-container\">\n\t\t\t\t\t<h2 class=\"elementor-heading-title elementor-size-default\">Se\u00f1or: haz que donde yo vaya<\/br><\/br>no llore un ni\u00f1o ni haya un padre ausente,<\/br><\/br> con esa ausencia amarga, con esa ausencia roja<\/br><\/br> que arruga los claveles a la altura del pecho y de la frente.<\/h2>\t\t\t\t<\/div>\n\t\t\t\t<\/div>\n\t\t\t\t<div class=\"elementor-element elementor-element-5243e8b elementor-widget elementor-widget-video\" data-id=\"5243e8b\" data-element_type=\"widget\" data-settings=\"{&quot;video_type&quot;:&quot;hosted&quot;,&quot;controls&quot;:&quot;yes&quot;}\" data-widget_type=\"video.default\">\n\t\t\t\t<div class=\"elementor-widget-container\">\n\t\t\t\t\t\t\t<div class=\"e-hosted-video elementor-wrapper elementor-open-inline\">\n\t\t\t\t\t<video class=\"elementor-video\" src=\"https:\/\/www.laprensaoriente.info\/especiales\/arrieria-en-el-oriente-de-antioquia\/wp-content\/uploads\/2025\/03\/Video-pagina-web.mp4\" controls=\"\" preload=\"metadata\" controlsList=\"nodownload\"><\/video>\n\t\t\t\t<\/div>\n\t\t\t\t\t\t<\/div>\n\t\t\t\t<\/div>\n\t\t\t\t\t<\/div>\n\t\t<\/div>\n\t\t\t\t\t<\/div>\n\t\t<\/section>\n\t\t\t\t<section class=\"elementor-section elementor-top-section elementor-element elementor-element-37316bb elementor-section-boxed elementor-section-height-default elementor-section-height-default\" data-id=\"37316bb\" data-element_type=\"section\">\n\t\t\t\t\t\t<div class=\"elementor-container elementor-column-gap-default\">\n\t\t\t\t\t<div class=\"elementor-column elementor-col-50 elementor-top-column elementor-element elementor-element-9ebeea2\" data-id=\"9ebeea2\" data-element_type=\"column\">\n\t\t\t<div class=\"elementor-widget-wrap elementor-element-populated\">\n\t\t\t\t\t\t<div class=\"elementor-element elementor-element-824e665 elementor-widget elementor-widget-image\" data-id=\"824e665\" data-element_type=\"widget\" data-widget_type=\"image.default\">\n\t\t\t\t<div class=\"elementor-widget-container\">\n\t\t\t\t\t\t\t\t\t\t\t\t\t\t\t<img loading=\"lazy\" loading=\"lazy\" decoding=\"async\" width=\"768\" height=\"1024\" src=\"https:\/\/www.laprensaoriente.info\/especiales\/arrieria-en-el-oriente-de-antioquia\/wp-content\/uploads\/2025\/03\/Foto-portada-_-foto-Principal-scaled-1-768x1024.webp\" class=\"attachment-large size-large wp-image-85\" alt=\"\" srcset=\"https:\/\/www.laprensaoriente.info\/especiales\/arrieria-en-el-oriente-de-antioquia\/wp-content\/uploads\/2025\/03\/Foto-portada-_-foto-Principal-scaled-1-768x1024.webp 768w, https:\/\/www.laprensaoriente.info\/especiales\/arrieria-en-el-oriente-de-antioquia\/wp-content\/uploads\/2025\/03\/Foto-portada-_-foto-Principal-scaled-1-225x300.webp 225w, https:\/\/www.laprensaoriente.info\/especiales\/arrieria-en-el-oriente-de-antioquia\/wp-content\/uploads\/2025\/03\/Foto-portada-_-foto-Principal-scaled-1-1152x1536.webp 1152w, https:\/\/www.laprensaoriente.info\/especiales\/arrieria-en-el-oriente-de-antioquia\/wp-content\/uploads\/2025\/03\/Foto-portada-_-foto-Principal-scaled-1-1536x2048.webp 1536w, https:\/\/www.laprensaoriente.info\/especiales\/arrieria-en-el-oriente-de-antioquia\/wp-content\/uploads\/2025\/03\/Foto-portada-_-foto-Principal-scaled-1-860x1147.webp 860w, https:\/\/www.laprensaoriente.info\/especiales\/arrieria-en-el-oriente-de-antioquia\/wp-content\/uploads\/2025\/03\/Foto-portada-_-foto-Principal-scaled-1.webp 1920w\" sizes=\"auto, (max-width: 768px) 100vw, 768px\" \/>\t\t\t\t\t\t\t\t\t\t\t\t\t\t\t<\/div>\n\t\t\t\t<\/div>\n\t\t\t\t\t<\/div>\n\t\t<\/div>\n\t\t\t\t<div class=\"elementor-column elementor-col-50 elementor-top-column elementor-element elementor-element-fa458bc\" data-id=\"fa458bc\" data-element_type=\"column\">\n\t\t\t<div class=\"elementor-widget-wrap elementor-element-populated\">\n\t\t\t\t\t\t<div class=\"elementor-element elementor-element-4609f27 elementor-widget elementor-widget-text-editor\" data-id=\"4609f27\" data-element_type=\"widget\" data-widget_type=\"text-editor.default\">\n\t\t\t\t<div class=\"elementor-widget-container\">\n\t\t\t\t\t\t\t\t\t<p>Y es que estos animales hist\u00f3ricamente han recorrido selvas, han conquistado monta\u00f1as y atravesados r\u00edos, pero no han hecho da\u00f1o. Conectaron pueblos, forjaron las econom\u00edas de algunos de ellos y generaron identidad en las comunidades, pero no han da\u00f1ado a nadie. \u201cSon nobles. Son humildes. Son agradecidas\u201d, relata.<\/p><p>Cuando Alexander habla de sus \u201cbestias\u201d, no les quita la mirada de encima. Las tiene amarradas a borde de carretera. Ya descargadas todas, despu\u00e9s de un d\u00eda pesado de bajar madera por un camino que demoraba una hora en recorrer. \u201cHice cuatro viajes hoy\u201d, explica. \u201cAh\u00ed donde las ve, deben estar cansadas. En el \u00faltimo viaje algunas botaron su herradura y se hicieron m\u00e1s lentas\u201d.<\/p><p>La tarde est\u00e1 cayendo y llega la sensaci\u00f3n de que el d\u00eda termina. Las mira con cierta ternura y con af\u00e1n de salir a darles agua del r\u00edo, melaza, zanahoria y salvado. Las mira y tiene la intenci\u00f3n de ir a tocarlas. \u201cEste animal es muy lindo. Las veo y quisiera que no sufrieran tanto, por eso intento cuidarlas bien, es poco lo que puedo hacer por ellas, para lo mucho que hacen por m\u00ed\u201d.<\/p><p>Alexander no anda con carriel, ni guarda naipes ni tabaco ni amuletos en \u00e9l porque no lo necesita. Quiz\u00e1s le estorba. Lo que s\u00ed, es que nunca deja en casa su poncho, que por m\u00e1s manchado que est\u00e9, le acompa\u00f1a desde las cinco de la ma\u00f1ana que sale a buscar las \u201cbestias\u201d. Tampoco olvida su machete y sus botas de caucho, esas herramientas que le ayudan a seguir abriendo uno que otro camino y a cruzar r\u00edos sin temor de mojarse los pies.<\/p><p style=\"text-align: center;\">\u00a0<\/p>\t\t\t\t\t\t\t\t<\/div>\n\t\t\t\t<\/div>\n\t\t\t\t\t<\/div>\n\t\t<\/div>\n\t\t\t\t\t<\/div>\n\t\t<\/section>\n\t\t\t\t<section class=\"elementor-section elementor-top-section elementor-element elementor-element-6b3c556 elementor-section-boxed elementor-section-height-default elementor-section-height-default\" data-id=\"6b3c556\" data-element_type=\"section\">\n\t\t\t\t\t\t<div class=\"elementor-container elementor-column-gap-default\">\n\t\t\t\t\t<div class=\"elementor-column elementor-col-100 elementor-top-column elementor-element elementor-element-03e5a9e\" data-id=\"03e5a9e\" data-element_type=\"column\">\n\t\t\t<div class=\"elementor-widget-wrap elementor-element-populated\">\n\t\t\t\t\t\t<div class=\"elementor-element elementor-element-e69e891 elementor-widget elementor-widget-heading\" data-id=\"e69e891\" data-element_type=\"widget\" data-widget_type=\"heading.default\">\n\t\t\t\t<div class=\"elementor-widget-container\">\n\t\t\t\t\t<h2 class=\"elementor-heading-title elementor-size-default\">Que si hay ni\u00f1os sin pan y sin juguetes,<\/br><\/br> \u00a0tengan, al menos, una raci\u00f3n de tu cielo;<\/br><\/br>  que no zurza responsos la abuelita ni fume m\u00e1s ausencias el abuelo.<\/br><\/br> <\/h2>\t\t\t\t<\/div>\n\t\t\t\t<\/div>\n\t\t\t\t<div class=\"elementor-element elementor-element-30214ba elementor-widget elementor-widget-text-editor\" data-id=\"30214ba\" data-element_type=\"widget\" data-widget_type=\"text-editor.default\">\n\t\t\t\t<div class=\"elementor-widget-container\">\n\t\t\t\t\t\t\t\t\t<p>Sus d\u00edas no son rutinarios. \u201cA veces me llaman de ac\u00e1. Otras veces de all\u00e1 para trabajar con las mulas. Hoy puede ser madera. Ma\u00f1ana podr\u00e1 ser material de construcci\u00f3n. Y as\u00ed se me van yendo los d\u00edas con mis mulas\u201d, detalla. Su hijo Yorman, de 19 a\u00f1os es a quien m\u00e1s le gusta ayudarlo. Sabe herrar, montar y descargar. No sufre tanto como \u00e9l por las mulas, pero est\u00e1 aprendiendo. Lo primero era rezar por ella y a veces rezan juntos.<\/p><p>La madera con la que trabaj\u00f3 en Nari\u00f1o y las mulas con las que trabaja en Abejorral, le han permitido darles estudio a sus hijos. \u201cLo que he conseguido con la madera y mis mulas ha sido para mi familia\u201d. Y aunque la tradici\u00f3n arriera no es tan com\u00fan actualmente, \u00e9l sigue levant\u00e1ndose a diario, conociendo caminos diferentes y llevando a los suyos a cuestas.<\/p><p>Dice saber de otro arriero en Abejorral. No se sabe su nombre, pero cuando se topan en medio de los caminos de herradura, se saludan, halagan sus mulas y contin\u00faan con su trayecto. Siempre lo ve acompa\u00f1ado porque anda con sus doce \u201cbestias\u201d para donde lo llamen. Alexander, en cambio, a veces trabaja solo: \u201ccuando tengo siete o seis mulas, salgo yo solo a trabajar, pero cuando son m\u00e1s, no me gusta descuidarlas tanto, entonces le digo a Yorman o a mi sobrino que me acompa\u00f1en\u201d.<\/p>\t\t\t\t\t\t\t\t<\/div>\n\t\t\t\t<\/div>\n\t\t\t\t<div class=\"elementor-element elementor-element-309d61c elementor-widget elementor-widget-heading\" data-id=\"309d61c\" data-element_type=\"widget\" data-widget_type=\"heading.default\">\n\t\t\t\t<div class=\"elementor-widget-container\">\n\t\t\t\t\t<h2 class=\"elementor-heading-title elementor-size-default\">Y ver\u00e1s que los hombres vuelven a ser felices<\/br><\/br> \ny que en los campos tornan a florecer las eras<\/br><\/br> \ny un vendaje de olvidos, perdones y ra\u00edces,<\/br><\/br> \nle curara\u0301 a la patria sus cruces de madera\n<\/br><\/br> <\/h2>\t\t\t\t<\/div>\n\t\t\t\t<\/div>\n\t\t\t\t<div class=\"elementor-element elementor-element-65a95ac elementor-widget elementor-widget-text-editor\" data-id=\"65a95ac\" data-element_type=\"widget\" data-widget_type=\"text-editor.default\">\n\t\t\t\t<div class=\"elementor-widget-container\">\n\t\t\t\t\t\t\t\t\t<p>Hace algunos a\u00f1os, era com\u00fan notar la presencia de arrieros en carretera transportando desde mercados hasta ni\u00f1os en sus lomos. El sonido de sus pisadas, los gritos del mismo arriero, la cercan\u00eda y confianza entre la mula y quien la arriaba eran escenas que formaban parte de los recuerdos de familias que ten\u00edan que caminar horas y horas, por carretera desatapada, para llegar a sus hogares.<\/p><p>La conversaci\u00f3n, el juego y el hablarle al animal hizo parte de la infancia y la vida misma de muchas personas que ahora poco recuerdan. Los abuelos y las fotos son quienes a\u00fan podr\u00edan platicar de esto. Por su parte, los cinco hijos de Alexander: Esteban, Yeferson, Alejandra, Yorman y Yonier, podr\u00e1n tener llevar en su memoria la imagen viva de su pap\u00e1 arriando y cuidando a las mulas que hace algunos a\u00f1os abrieron el camino por donde van.<\/p><p>Y es que, aunque las mulas ya no abran carreteras como antes, s\u00ed siguen cargando el peso de llevar el alimento y la esperanza a algunos hogares del Oriente antique\u00f1o, como es la historia de Alexander, uno de los pocos arrieros que tiene Abejorral.<\/p>\t\t\t\t\t\t\t\t<\/div>\n\t\t\t\t<\/div>\n\t\t\t\t\t<\/div>\n\t\t<\/div>\n\t\t\t\t\t<\/div>\n\t\t<\/section>\n\t\t<div class=\"elementor-element elementor-element-0cad150 e-flex e-con-boxed e-con e-parent\" data-id=\"0cad150\" data-element_type=\"container\">\n\t\t\t\t\t<div class=\"e-con-inner\">\n\t\t\t\t\t<\/div>\n\t\t\t\t<\/div>\n\t\t\t\t<\/div>\n\t\t","protected":false},"excerpt":{"rendered":"<p>De los \u00faltimos arrieros del Oriente T\u00fa que encendiste el sol encima de mis mulas y me diste un carriel y unas cotizas y un r\u00fastico &#8220;yesquero\u201d y un arriador trenzado de paisajes y un pan honrado y un amor sincero. Jorge Robledo Ortiz, poeta antioque\u00f1o, en La oraci\u00f3n del arriero. A veces reza para [&hellip;]<\/p>\n","protected":false},"author":1,"featured_media":0,"parent":0,"menu_order":5,"comment_status":"closed","ping_status":"closed","template":"","meta":{"footnotes":""},"class_list":["post-83","page","type-page","status-publish"],"_links":{"self":[{"href":"https:\/\/www.laprensaoriente.info\/especiales\/arrieria-en-el-oriente-de-antioquia\/wp-json\/wp\/v2\/pages\/83","targetHints":{"allow":["GET"]}}],"collection":[{"href":"https:\/\/www.laprensaoriente.info\/especiales\/arrieria-en-el-oriente-de-antioquia\/wp-json\/wp\/v2\/pages"}],"about":[{"href":"https:\/\/www.laprensaoriente.info\/especiales\/arrieria-en-el-oriente-de-antioquia\/wp-json\/wp\/v2\/types\/page"}],"author":[{"embeddable":true,"href":"https:\/\/www.laprensaoriente.info\/especiales\/arrieria-en-el-oriente-de-antioquia\/wp-json\/wp\/v2\/users\/1"}],"replies":[{"embeddable":true,"href":"https:\/\/www.laprensaoriente.info\/especiales\/arrieria-en-el-oriente-de-antioquia\/wp-json\/wp\/v2\/comments?post=83"}],"version-history":[{"count":16,"href":"https:\/\/www.laprensaoriente.info\/especiales\/arrieria-en-el-oriente-de-antioquia\/wp-json\/wp\/v2\/pages\/83\/revisions"}],"predecessor-version":[{"id":234,"href":"https:\/\/www.laprensaoriente.info\/especiales\/arrieria-en-el-oriente-de-antioquia\/wp-json\/wp\/v2\/pages\/83\/revisions\/234"}],"wp:attachment":[{"href":"https:\/\/www.laprensaoriente.info\/especiales\/arrieria-en-el-oriente-de-antioquia\/wp-json\/wp\/v2\/media?parent=83"}],"curies":[{"name":"wp","href":"https:\/\/api.w.org\/{rel}","templated":true}]}}